{"id":1841,"date":"2016-05-06T11:00:27","date_gmt":"2016-05-06T09:00:27","guid":{"rendered":"https:\/\/www.cacbgi.cat\/?post_type=activitats&#038;p=1841"},"modified":"2021-02-16T16:56:40","modified_gmt":"2021-02-16T15:56:40","slug":"jornada-tecnica-sobre-el-projecte-de-recarrega-de-laquifer-del-port-de-la-selva-amb-aigua-regenerada","status":"publish","type":"activitats","link":"https:\/\/www.cacbgi.cat\/es\/activitats\/jornada-tecnica-sobre-el-projecte-de-recarrega-de-laquifer-del-port-de-la-selva-amb-aigua-regenerada\/","title":{"rendered":"Jornada t\u00e8cnica sobre el projecte de rec\u00e0rrega de l&#8217;aq\u00fc\u00edfer del Port de la Selva amb aigua regenerada"},"content":{"rendered":"<p>Organitzaci\u00f3: Ajuntament del Port de la Selva Consorci de la Costa Brava \u2013 Entitat Local de l\u2019Aigua<\/p>\n<p>Col\u00b7laboren: Ag\u00e8ncia Catalana de l\u2019Aigua, Consell Assessor per al Desenvolupament Sostenible, Centre Tecnol\u00f2gic de Manresa, Empresa Mixta d\u2019Aig\u00fces de la Costa Brava, Kompetenzzentrum Wasser Berlin, Amphos 21, Veolia Water Technologies i Associaci\u00f3 Espanyola de Reutilitzaci\u00f3 Sostenible de l\u2019Aigua (ASERSA)<\/p>","protected":false},"featured_media":1842,"template":"","meta":[],"tipus_activitat":[32],"acf":[],"yoast_head":"<!-- This site is optimized with the Yoast SEO Premium plugin v15.9.1 - https:\/\/yoast.com\/wordpress\/plugins\/seo\/ -->\n<title>Jornada t\u00e8cnica sobre el projecte de rec\u00e0rrega de l&#039;aq\u00fc\u00edfer del Port de la Selva amb aigua regenerada - CACBGI<\/title>\n<link rel=\"canonical\" href=\"https:\/\/www.cacbgi.cat\/es\/activitats\/jornada-tecnica-sobre-el-projecte-de-recarrega-de-laquifer-del-port-de-la-selva-amb-aigua-regenerada\/\" \/>\n<meta property=\"og:locale\" content=\"es_ES\" \/>\n<meta property=\"og:type\" content=\"article\" \/>\n<meta property=\"og:title\" content=\"Jornada t\u00e8cnica sobre el projecte de rec\u00e0rrega de l&#039;aq\u00fc\u00edfer del Port de la Selva amb aigua regenerada - CACBGI\" \/>\n<meta property=\"og:description\" content=\"Organitzaci\u00f3: Ajuntament del Port de la Selva Consorci de la Costa Brava \u2013 Entitat Local de l\u2019Aigua Col\u00b7laboren: Ag\u00e8ncia Catalana de l\u2019Aigua, Consell Assessor per al Desenvolupament Sostenible, Centre Tecnol\u00f2gic de Manresa, Empresa Mixta d\u2019Aig\u00fces de la Costa Brava, Kompetenzzentrum Wasser Berlin, Amphos 21, Veolia Water Technologies i Associaci\u00f3 Espanyola de Reutilitzaci\u00f3 Sostenible de l\u2019Aigua [&hellip;]\" \/>\n<meta property=\"og:url\" content=\"https:\/\/www.cacbgi.cat\/es\/activitats\/jornada-tecnica-sobre-el-projecte-de-recarrega-de-laquifer-del-port-de-la-selva-amb-aigua-regenerada\/\" \/>\n<meta property=\"og:site_name\" content=\"CACBGI\" \/>\n<meta property=\"article:modified_time\" content=\"2021-02-16T15:56:40+00:00\" \/>\n<meta property=\"og:image\" content=\"https:\/\/www.cacbgi.cat\/wp-content\/uploads\/2021\/02\/20160506_114615-250px.jpg\" \/>\n\t<meta property=\"og:image:width\" content=\"250\" \/>\n\t<meta property=\"og:image:height\" content=\"141\" \/>\n<meta name=\"twitter:card\" content=\"summary_large_image\" \/>\n<script type=\"application\/ld+json\" class=\"yoast-schema-graph\">{\"@context\":\"https:\/\/schema.org\",\"@graph\":[{\"@type\":\"WebSite\",\"@id\":\"https:\/\/www.cacbgi.cat\/#website\",\"url\":\"https:\/\/www.cacbgi.cat\/\",\"name\":\"CACBGI\",\"description\":\"Consorci d&#039;Aig\\u00fces Costa Brava, Girona\",\"potentialAction\":[{\"@type\":\"SearchAction\",\"target\":\"https:\/\/www.cacbgi.cat\/?s={search_term_string}\",\"query-input\":\"required name=search_term_string\"}],\"inLanguage\":\"es\"},{\"@type\":\"ImageObject\",\"@id\":\"https:\/\/www.cacbgi.cat\/activitats\/jornada-tecnica-sobre-el-projecte-de-recarrega-de-laquifer-del-port-de-la-selva-amb-aigua-regenerada\/#primaryimage\",\"inLanguage\":\"es\",\"url\":\"https:\/\/www.cacbgi.cat\/wp-content\/uploads\/2021\/02\/20160506_114615-250px.jpg\",\"width\":250,\"height\":141,\"caption\":\"Jornada t\\u00e8cnica sobre el projecte de rec\\u00e0rrega de l'aq\\u00fc\\u00edfer del Port de la Selva amb aigua regenerada\"},{\"@type\":\"WebPage\",\"@id\":\"https:\/\/www.cacbgi.cat\/activitats\/jornada-tecnica-sobre-el-projecte-de-recarrega-de-laquifer-del-port-de-la-selva-amb-aigua-regenerada\/#webpage\",\"url\":\"https:\/\/www.cacbgi.cat\/activitats\/jornada-tecnica-sobre-el-projecte-de-recarrega-de-laquifer-del-port-de-la-selva-amb-aigua-regenerada\/\",\"name\":\"Jornada t\\u00e8cnica sobre el projecte de rec\\u00e0rrega de l'aq\\u00fc\\u00edfer del Port de la Selva amb aigua regenerada - CACBGI\",\"isPartOf\":{\"@id\":\"https:\/\/www.cacbgi.cat\/#website\"},\"primaryImageOfPage\":{\"@id\":\"https:\/\/www.cacbgi.cat\/activitats\/jornada-tecnica-sobre-el-projecte-de-recarrega-de-laquifer-del-port-de-la-selva-amb-aigua-regenerada\/#primaryimage\"},\"datePublished\":\"2016-05-06T09:00:27+00:00\",\"dateModified\":\"2021-02-16T15:56:40+00:00\",\"breadcrumb\":{\"@id\":\"https:\/\/www.cacbgi.cat\/activitats\/jornada-tecnica-sobre-el-projecte-de-recarrega-de-laquifer-del-port-de-la-selva-amb-aigua-regenerada\/#breadcrumb\"},\"inLanguage\":\"es\",\"potentialAction\":[{\"@type\":\"ReadAction\",\"target\":[\"https:\/\/www.cacbgi.cat\/activitats\/jornada-tecnica-sobre-el-projecte-de-recarrega-de-laquifer-del-port-de-la-selva-amb-aigua-regenerada\/\"]}]},{\"@type\":\"BreadcrumbList\",\"@id\":\"https:\/\/www.cacbgi.cat\/activitats\/jornada-tecnica-sobre-el-projecte-de-recarrega-de-laquifer-del-port-de-la-selva-amb-aigua-regenerada\/#breadcrumb\",\"itemListElement\":[{\"@type\":\"ListItem\",\"position\":1,\"item\":{\"@type\":\"WebPage\",\"@id\":\"https:\/\/www.cacbgi.cat\/\",\"url\":\"https:\/\/www.cacbgi.cat\/\",\"name\":\"Home\"}},{\"@type\":\"ListItem\",\"position\":2,\"item\":{\"@type\":\"WebPage\",\"@id\":\"https:\/\/www.cacbgi.cat\/activitats\/jornada-tecnica-sobre-el-projecte-de-recarrega-de-laquifer-del-port-de-la-selva-amb-aigua-regenerada\/\",\"url\":\"https:\/\/www.cacbgi.cat\/activitats\/jornada-tecnica-sobre-el-projecte-de-recarrega-de-laquifer-del-port-de-la-selva-amb-aigua-regenerada\/\",\"name\":\"Jornada t\\u00e8cnica sobre el projecte de rec\\u00e0rrega de l&#8217;aq\\u00fc\\u00edfer del Port de la Selva amb aigua regenerada\"}}]}]}<\/script>\n<!-- \/ Yoast SEO Premium plugin. -->","_links":{"self":[{"href":"https:\/\/www.cacbgi.cat\/es\/wp-json\/wp\/v2\/activitats\/1841"}],"collection":[{"href":"https:\/\/www.cacbgi.cat\/es\/wp-json\/wp\/v2\/activitats"}],"about":[{"href":"https:\/\/www.cacbgi.cat\/es\/wp-json\/wp\/v2\/types\/activitats"}],"version-history":[{"count":6,"href":"https:\/\/www.cacbgi.cat\/es\/wp-json\/wp\/v2\/activitats\/1841\/revisions"}],"predecessor-version":[{"id":2044,"href":"https:\/\/www.cacbgi.cat\/es\/wp-json\/wp\/v2\/activitats\/1841\/revisions\/2044"}],"wp:featuredmedia":[{"embeddable":true,"href":"https:\/\/www.cacbgi.cat\/es\/wp-json\/wp\/v2\/media\/1842"}],"wp:attachment":[{"href":"https:\/\/www.cacbgi.cat\/es\/wp-json\/wp\/v2\/media?parent=1841"}],"wp:term":[{"taxonomy":"tipus_activitat","embeddable":true,"href":"https:\/\/www.cacbgi.cat\/es\/wp-json\/wp\/v2\/tipus_activitat?post=1841"}],"curies":[{"name":"wp","href":"https:\/\/api.w.org\/{rel}","templated":true}]}}